{"id":1889,"date":"2019-01-18T14:20:55","date_gmt":"2019-01-18T14:20:55","guid":{"rendered":"https:\/\/workforcealliance.biz\/?page_id=1889"},"modified":"2025-05-05T06:52:13","modified_gmt":"2025-05-05T10:52:13","slug":"our-region","status":"publish","type":"page","link":"https:\/\/workforcealliance.biz\/es\/our-region\/","title":{"rendered":"Regional Plan"},"content":{"rendered":"<div id=\"pl-1889\"  class=\"panel-layout\" ><div id=\"pg-1889-0\"  class=\"panel-grid panel-has-style\" ><div class=\"full_container default_order panel-row-style panel-row-style-for-1889-0\" ><div id=\"pgc-1889-0-0\"  class=\"panel-grid-cell\" ><div id=\"panel-1889-0-0-0\" class=\"so-panel widget widget_small-header panel-first-child panel-last-child\" data-index=\"0\" ><div\n\t\t\t\n\t\t\tclass=\"so-widget-small-header so-widget-small-header-default-d75171398898-1889\"\n\t\t\t\n\t\t>\n\n<div class=\"image_top_header_single  center_center_bg_sm\"  style=\"background-image:url(https:\/\/workforcealliance.biz\/wp-content\/uploads\/2024\/01\/Component-21-\u2013-1@2x.jpg);\">\n\n\t\n\n    <div class=\"large_container\">\n\t<div class=\"cotent_header_small\"> \n\t<div class=\"content_title_subtitle\"> \n\t\t<h1 class=\"bar_top_title\" >Regional Plan <span>&amp; Board of Directors<\/span><\/h1>\n\t\t<\/div>\t<\/div>\n\t<\/div>\n<\/div>\n<\/div><\/div><\/div><\/div><\/div><div id=\"pg-1889-1\"  class=\"panel-grid panel-has-style\" ><div class=\"middle_container default_order panel-row-style panel-row-style-for-1889-1\" ><div id=\"pgc-1889-1-0\"  class=\"panel-grid-cell\" ><div id=\"panel-1889-1-0-0\" class=\"so-panel widget widget_empty-space panel-first-child panel-last-child\" data-index=\"1\" ><div\n\t\t\t\n\t\t\tclass=\"so-widget-empty-space so-widget-empty-space-default-d75171398898-1889\"\n\t\t\t\n\t\t><div class=\"empty_space_custom medium_space\">\r\n<\/div><\/div><\/div><\/div><\/div><\/div><div id=\"pg-1889-2\"  class=\"panel-grid panel-has-style\" ><div class=\"center_responsive large_container default_order panel-row-style panel-row-style-for-1889-2\" ><div id=\"pgc-1889-2-0\"  class=\"panel-grid-cell\" ><div id=\"panel-1889-2-0-0\" class=\"so-panel widget widget_sow-image panel-first-child\" data-index=\"2\" ><div\n\t\t\t\n\t\t\tclass=\"so-widget-sow-image so-widget-sow-image-default-c67d20f9f743-1889\"\n\t\t\t\n\t\t>\n<div class=\"sow-image-container\">\n\t\t<img \n\tsrc=\"https:\/\/workforcealliance.biz\/wp-content\/uploads\/2024\/01\/eligibility.jpg\" width=\"750\" height=\"499\" srcset=\"https:\/\/workforcealliance.biz\/wp-content\/uploads\/2024\/01\/eligibility.jpg 750w, https:\/\/workforcealliance.biz\/wp-content\/uploads\/2024\/01\/eligibility-300x200.jpg 300w, https:\/\/workforcealliance.biz\/wp-content\/uploads\/2024\/01\/eligibility-272x182.jpg 272w\" sizes=\"(max-width: 750px) 100vw, 750px\" alt=\"\" \t\tclass=\"so-widget-image\"\/>\n\t<\/div>\n\n<\/div><\/div><div id=\"panel-1889-2-0-1\" class=\"so-panel widget widget_empty-space panel-last-child\" data-index=\"3\" ><div\n\t\t\t\n\t\t\tclass=\"so-widget-empty-space so-widget-empty-space-default-d75171398898-1889\"\n\t\t\t\n\t\t><div class=\"empty_responsive\"><\/div><\/div><\/div><\/div><div id=\"pgc-1889-2-1\"  class=\"panel-grid-cell\" ><div id=\"panel-1889-2-1-0\" class=\"so-panel widget widget_title-r-b panel-first-child\" data-index=\"4\" ><div\n\t\t\t\n\t\t\tclass=\"so-widget-title-r-b so-widget-title-r-b-default-d75171398898-1889\"\n\t\t\t\n\t\t><div class=\"section_title_cust\"><h2 class=\"heading_widget left_title black_title   weight_600\">Regional Plan<\/h2><\/div><\/div><\/div><div id=\"panel-1889-2-1-1\" class=\"so-panel widget widget_empty-space\" data-index=\"5\" ><div\n\t\t\t\n\t\t\tclass=\"so-widget-empty-space so-widget-empty-space-default-d75171398898-1889\"\n\t\t\t\n\t\t><div class=\"empty_space_custom small_space\">\r\n<\/div><\/div><\/div><div id=\"panel-1889-2-1-2\" class=\"so-panel widget widget_sow-editor panel-last-child\" data-index=\"6\" ><div\n\t\t\t\n\t\t\tclass=\"so-widget-sow-editor so-widget-sow-editor-base\"\n\t\t\t\n\t\t>\n<div class=\"siteorigin-widget-tinymce textwidget\">\n\t<p>Cada 5 a\u00f1os, Workforce Alliance actualiza su plan que gu\u00eda la pol\u00edtica y los servicios para los empleadores y los solicitantes de empleo en South Central CT. Haga clic para ver el resumen ejecutivo 2020-2025, el plan completo y los anexos relacionados a continuaci\u00f3n.<\/p>\n<p><a href=\"https:\/\/workforcealliance.biz\/wp-content\/uploads\/2020\/08\/South-Central-CT-Local-Plan-Ex.Summary_Aug27_2020.pdf\">Resumen del Plan Local (PDF)<\/a><\/p>\n<p><a href=\"https:\/\/workforcealliance.biz\/wp-content\/uploads\/2020\/10\/South-Central-CT-Full-Local-Plan_FINAL-2020-2025.pdf\">Plan local completo (PDF)<\/a><\/p>\n<p><a href=\"https:\/\/workforcealliance.biz\/wp-content\/uploads\/Plan_Attachments.pdf\">Anexos del Plan Local relacionados (PDF)<\/a><\/p>\n<\/div>\n<\/div><\/div><\/div><\/div><\/div><div id=\"pg-1889-3\"  class=\"panel-grid panel-has-style\" ><div class=\"middle_container default_order panel-row-style panel-row-style-for-1889-3\" ><div id=\"pgc-1889-3-0\"  class=\"panel-grid-cell\" ><div id=\"panel-1889-3-0-0\" class=\"so-panel widget widget_empty-space panel-first-child panel-last-child\" data-index=\"7\" ><div\n\t\t\t\n\t\t\tclass=\"so-widget-empty-space so-widget-empty-space-default-d75171398898-1889\"\n\t\t\t\n\t\t><div class=\"empty_space_custom medium_space\">\r\n<\/div><\/div><\/div><\/div><\/div><\/div><div id=\"pg-1889-4\"  class=\"panel-grid panel-has-style\" ><div class=\"center_responsive large_container reverse_order panel-row-style panel-row-style-for-1889-4\" ><div id=\"pgc-1889-4-0\"  class=\"panel-grid-cell\" ><div id=\"panel-1889-4-0-0\" class=\"so-panel widget widget_title-r-b panel-first-child\" data-index=\"8\" ><div\n\t\t\t\n\t\t\tclass=\"so-widget-title-r-b so-widget-title-r-b-default-d75171398898-1889\"\n\t\t\t\n\t\t><div class=\"section_title_cust\"><h2 class=\"heading_widget left_title black_title   weight_600\">Workforce Alliance Wioa Local Plan Modification<\/h2><\/div><\/div><\/div><div id=\"panel-1889-4-0-1\" class=\"so-panel widget widget_empty-space\" data-index=\"9\" ><div\n\t\t\t\n\t\t\tclass=\"so-widget-empty-space so-widget-empty-space-default-d75171398898-1889\"\n\t\t\t\n\t\t><div class=\"empty_space_custom small_space\">\r\n<\/div><\/div><\/div><div id=\"panel-1889-4-0-2\" class=\"so-panel widget widget_sow-editor panel-last-child\" data-index=\"10\" ><div\n\t\t\t\n\t\t\tclass=\"so-widget-sow-editor so-widget-sow-editor-base\"\n\t\t\t\n\t\t>\n<div class=\"siteorigin-widget-tinymce textwidget\">\n\t<p>Workforce Alliance, la junta de desarrollo de la mano de obra sin \u00e1nimo de lucro que sirve a 30 pueblos del centro-sur de CT, solicita comentarios p\u00fablicos sobre su propuesta de Plan Local de servicio. Este plan estrat\u00e9gico describe las prioridades para servir a los solicitantes de empleo y a los empleadores utilizando fondos federales, estatales y locales para el empleo y la formaci\u00f3n.<\/p>\n<p><a href=\"https:\/\/workforcealliance.biz\/wp-content\/uploads\/2022\/05\/Workforce-Alliance-WIOA-Local-Plan-Modification-2022.pdf\"><strong>Alianza para la Fuerza Laboral Modificaci\u00f3n del Plan Local WIOA<\/strong><\/a><\/p>\n<p><a href=\"https:\/\/workforcealliance.biz\/wp-content\/uploads\/2022\/05\/WA-WIOA-Local-Plan-Executive-summary-2022.pdf\"><strong>Resumen Ejecutivo de la Modificaci\u00f3n del Plan Local WIOA de Workforce Alliance\u00a0<\/strong><\/a><\/p>\n<p><a href=\"https:\/\/workforcealliance.biz\/wp-content\/uploads\/2022\/06\/Local-Plan-attachments-1.pdf\">Anexo #1<\/a><br \/>\n<a href=\"https:\/\/workforcealliance.biz\/wp-content\/uploads\/2022\/06\/Local-Plan-attachments-2.pdf\">Anexo #2<\/a><br \/>\n<a href=\"https:\/\/workforcealliance.biz\/wp-content\/uploads\/2022\/06\/Local-Plan-attachments-3.pdf\">Anexo #3<\/a><br \/>\n<a href=\"https:\/\/workforcealliance.biz\/wp-content\/uploads\/2022\/06\/Local-Plan-attachments-4.pdf\">Anexo #4<\/a><\/p>\n<\/div>\n<\/div><\/div><\/div><div id=\"pgc-1889-4-1\"  class=\"panel-grid-cell\" ><div id=\"panel-1889-4-1-0\" class=\"so-panel widget widget_sow-image panel-first-child\" data-index=\"11\" ><div\n\t\t\t\n\t\t\tclass=\"so-widget-sow-image so-widget-sow-image-default-c67d20f9f743-1889\"\n\t\t\t\n\t\t>\n<div class=\"sow-image-container\">\n\t\t<img \n\tsrc=\"https:\/\/workforcealliance.biz\/wp-content\/uploads\/2024\/01\/hcap.jpg\" width=\"750\" height=\"499\" srcset=\"https:\/\/workforcealliance.biz\/wp-content\/uploads\/2024\/01\/hcap.jpg 750w, https:\/\/workforcealliance.biz\/wp-content\/uploads\/2024\/01\/hcap-300x200.jpg 300w, https:\/\/workforcealliance.biz\/wp-content\/uploads\/2024\/01\/hcap-272x182.jpg 272w\" sizes=\"(max-width: 750px) 100vw, 750px\" alt=\"\" \t\tclass=\"so-widget-image\"\/>\n\t<\/div>\n\n<\/div><\/div><div id=\"panel-1889-4-1-1\" class=\"so-panel widget widget_empty-space panel-last-child\" data-index=\"12\" ><div\n\t\t\t\n\t\t\tclass=\"so-widget-empty-space so-widget-empty-space-default-d75171398898-1889\"\n\t\t\t\n\t\t><div class=\"empty_responsive\"><\/div><\/div><\/div><\/div><\/div><\/div><div id=\"pg-1889-5\"  class=\"panel-grid panel-has-style\" ><div class=\"center_responsive small_container default_order panel-row-style panel-row-style-for-1889-5\" ><div id=\"pgc-1889-5-0\"  class=\"panel-grid-cell\" ><div id=\"panel-1889-5-0-0\" class=\"so-panel widget widget_empty-space panel-first-child\" data-index=\"13\" ><div\n\t\t\t\n\t\t\tclass=\"so-widget-empty-space so-widget-empty-space-default-d75171398898-1889\"\n\t\t\t\n\t\t><div class=\"empty_space_custom medium_space\">\r\n<\/div><\/div><\/div><div id=\"panel-1889-5-0-1\" class=\"so-panel widget widget_title-r-b\" data-index=\"14\" ><div\n\t\t\t\n\t\t\tclass=\"so-widget-title-r-b so-widget-title-r-b-default-d75171398898-1889\"\n\t\t\t\n\t\t><div class=\"section_title_cust\"><h3 class=\"heading_widget center_title black_title   weight_600\">Equal Employment Opportunity <\/h3><\/div><\/div><\/div><div id=\"panel-1889-5-0-2\" class=\"so-panel widget widget_empty-space\" data-index=\"15\" ><div\n\t\t\t\n\t\t\tclass=\"so-widget-empty-space so-widget-empty-space-default-d75171398898-1889\"\n\t\t\t\n\t\t><div class=\"empty_space_custom small_space\">\r\n<\/div><\/div><\/div><div id=\"panel-1889-5-0-3\" class=\"so-panel widget widget_sow-editor panel-last-child\" data-index=\"16\" ><div\n\t\t\t\n\t\t\tclass=\"so-widget-sow-editor so-widget-sow-editor-base\"\n\t\t\t\n\t\t>\n<div class=\"siteorigin-widget-tinymce textwidget\">\n\t<p>In order to provide equal employment and advancement opportunities to all individuals, employment decisions at the WA will be based on merit, qualifications, and abilities.\u00a0 It is the policy of Workforce Alliance (WA) to ensure nondiscrimination and equal opportunity for all applicants, registrants, participants, employees, subrecipients and contractors that are beneficiaries of Workforce Innovation and Opportunity Act (WIOA), Jobs First Employment Services and all other Workforce Alliance administered programs and activities. This policy applies without regard to race, color, sex (including pregnancy, child birth, and related medical conditions, sex stereotyping, transgender status, and gender identity), national origin (including limited English proficiency), age, disability, political affiliation or any other characteristic protected by law.<\/p>\n<p>To comply with applicable laws ensuring equal employment opportunities to qualified individuals with a disability,\u00a0the WA will make reasonable accommodations for qualified individuals with known disabilities unless doing so would result in an undue hardship for the WA.\u00a0\u00a0Any individual who requires an accommodation in order to perform the essential functions of the job should contact the EEO\/Affirmative Action Officer or the Executive Assistant to request the accommodation.<\/p>\n<p>To assist in this responsibility, Kymbel Branch (<a href=\"mailto:kbranch@workforcealliance.biz\">kbranch@workforcealliance.biz<\/a>), <a href=\"tel:2038674030\">203-867-4030<\/a> ext. 247, has been designated as Workforce Alliance Equal Opportunity Officer, as directed under the Workforce Innovation and Opportunity Act (WIOA).<\/p>\n<\/div>\n<\/div><\/div><\/div><\/div><\/div><div id=\"pg-1889-6\"  class=\"panel-grid panel-has-style\" ><div class=\"small_container default_order panel-row-style panel-row-style-for-1889-6\" ><div id=\"pgc-1889-6-0\"  class=\"panel-grid-cell\" ><div id=\"panel-1889-6-0-0\" class=\"so-panel widget widget_empty-space panel-first-child\" data-index=\"17\" ><div\n\t\t\t\n\t\t\tclass=\"so-widget-empty-space so-widget-empty-space-default-d75171398898-1889\"\n\t\t\t\n\t\t><div class=\"empty_space_custom large_space\">\r\n<\/div><\/div><\/div><div id=\"panel-1889-6-0-1\" class=\"so-panel widget widget_title-r-b\" data-index=\"18\" ><div\n\t\t\t\n\t\t\tclass=\"so-widget-title-r-b so-widget-title-r-b-default-d75171398898-1889\"\n\t\t\t\n\t\t><div class=\"section_title_cust\"><h3 class=\"heading_widget center_title black_title   weight_600\">Equal Opportunity programs. Auxiliary aids and services are available to individuals with disabilities.<\/h3><\/div><\/div><\/div><div id=\"panel-1889-6-0-2\" class=\"so-panel widget widget_empty-space\" data-index=\"19\" ><div\n\t\t\t\n\t\t\tclass=\"so-widget-empty-space so-widget-empty-space-default-d75171398898-1889\"\n\t\t\t\n\t\t><div class=\"empty_space_custom small_space\">\r\n<\/div><\/div><\/div><div id=\"panel-1889-6-0-3\" class=\"so-panel widget widget_sow-editor panel-last-child\" data-index=\"20\" ><div\n\t\t\t\n\t\t\tclass=\"so-widget-sow-editor so-widget-sow-editor-base\"\n\t\t\t\n\t\t>\n<div class=\"siteorigin-widget-tinymce textwidget\">\n\t<p style=\"text-align: center;\"><a href=\"https:\/\/workforcealliance.biz\/wp-content\/uploads\/2020\/06\/WA-Statement_June-19-2020.pdf\"><strong>PONER EN ACCI\u00d3N NUESTRAS CREENCIAS &gt;&gt; Lea nuestra Declaraci\u00f3n de Equidad Racial<\/strong><\/a><\/p>\n<p style=\"text-align: center;\"><a href=\"https:\/\/workforcealliance.biz\/wp-content\/uploads\/2021\/07\/CFGNH-Grant-Announcment_072221.pdf\"><strong>LA INICIATIVA DE IGUALDAD Y RESPONSABILIDAD RACIAL RECIBE FINANCIACI\u00d3N &gt;&gt; Leer el anuncio<\/strong><\/a><\/p>\n<p style=\"text-align: center;\"><a href=\"https:\/\/workforcealliance.biz\/wp-content\/uploads\/2021\/11\/Integ-REAI-plan-Exec-Summary-Bd-Mtg-update-1-28-21.pdf\"><strong>Resumen del Plan Integrado de Equidad Racial y Responsabilidad de la Alianza para la Fuerza Laboral<\/strong><\/a><\/p>\n<\/div>\n<\/div><\/div><\/div><\/div><\/div><div id=\"pg-1889-7\"  class=\"panel-grid panel-has-style\" ><div class=\"middle_container default_order panel-row-style panel-row-style-for-1889-7\" ><div id=\"pgc-1889-7-0\"  class=\"panel-grid-cell\" ><div id=\"panel-1889-7-0-0\" class=\"so-panel widget widget_empty-space panel-first-child panel-last-child\" data-index=\"21\" ><div\n\t\t\t\n\t\t\tclass=\"so-widget-empty-space so-widget-empty-space-default-d75171398898-1889\"\n\t\t\t\n\t\t><div class=\"empty_space_custom medium_space\">\r\n<\/div><\/div><\/div><\/div><\/div><\/div><div id=\"pg-1889-8\"  class=\"panel-grid panel-has-style\" ><div class=\"full_container default_order panel-row-style panel-row-style-for-1889-8\" ><div id=\"pgc-1889-8-0\"  class=\"panel-grid-cell\" ><div id=\"panel-1889-8-0-0\" class=\"so-panel widget widget_empty-space panel-first-child\" data-index=\"22\" ><div\n\t\t\t\n\t\t\tclass=\"so-widget-empty-space so-widget-empty-space-default-d75171398898-1889\"\n\t\t\t\n\t\t><div class=\"empty_space_custom medium_space\">\r\n<\/div><\/div><\/div><div id=\"panel-1889-8-0-1\" class=\"so-panel widget widget_siteorigin-panels-builder\" data-index=\"23\" ><div id=\"pl-w65df2205df5dc\"  class=\"panel-layout\" ><div id=\"pg-w65df2205df5dc-0\"  class=\"panel-grid panel-has-style\" ><div class=\"middle_container default_order panel-row-style panel-row-style-for-w65df2205df5dc-0\" ><div id=\"pgc-w65df2205df5dc-0-0\"  class=\"panel-grid-cell\" ><div id=\"panel-w65df2205df5dc-0-0-0\" class=\"so-panel widget widget_repeat-tabsst-faq panel-first-child panel-last-child\" data-index=\"0\" ><div\n\t\t\t\n\t\t\tclass=\"so-widget-repeat-tabsst-faq so-widget-repeat-tabsst-faq-default-d75171398898\"\n\t\t\t\n\t\t><div class=\"big_area_faq\"><div class=\"one_faq_tab\"><div class=\"tab_faq click_faq\" faq_click=\"id_click_1405550\">\n\t\t\t\t<div class=\"title_faq_itm_faq\">INICIATIVA DE EQUIDAD RACIAL Y RESPONSABILIDAD<\/div>\n\t\t\t<\/div><div class=\"content_tab_faq\" faq_open=\"cont_id_click_1405550\" ><div class=\"content_sub_div_faq\"><div id=\"pl-w2523f36b\"  class=\"panel-layout\" ><div id=\"pg-w2523f36b-0\"  class=\"panel-grid panel-has-style\" ><div class=\"middle_container default_order panel-row-style panel-row-style-for-w2523f36b-0\" ><div id=\"pgc-w2523f36b-0-0\"  class=\"panel-grid-cell\" ><div id=\"panel-w2523f36b-0-0-0\" class=\"so-panel widget widget_sow-editor panel-first-child panel-last-child\" data-index=\"0\" ><div class=\"panel-widget-style panel-widget-style-for-w2523f36b-0-0-0\" ><div\n\t\t\t\n\t\t\tclass=\"so-widget-sow-editor so-widget-sow-editor-base\"\n\t\t\t\n\t\t>\n<div class=\"siteorigin-widget-tinymce textwidget\">\n\t<p><strong><a href=\"https:\/\/workforcealliance.biz\/wp-content\/uploads\/2020\/10\/10-30-20-WA-Integrated-plan-REAI.pdf\">10-30-20: Plan Integrado de la Alianza para la Fuerza Laboral para la Equidad Racial y la Responsabilidad<\/a><\/strong><\/p>\n<p><strong><a href=\"https:\/\/workforcealliance.biz\/wp-content\/uploads\/2020\/12\/Integ-REAI-plan-Exec-Summary.11-11-20.pdf\">12-10-20: Resumen del Plan Integrado<\/a><\/strong><\/p>\n<\/div>\n<\/div><\/div><\/div><\/div><\/div><\/div><\/div><\/div><\/div><\/div><div class=\"one_faq_tab\"><div class=\"tab_faq click_faq\" faq_click=\"id_click_2222668\">\n\t\t\t\t<div class=\"title_faq_itm_faq\">Actas del Consejo de Administraci\u00f3n<\/div>\n\t\t\t<\/div><div class=\"content_tab_faq\" faq_open=\"cont_id_click_2222668\" ><div class=\"content_sub_div_faq\"><div id=\"pl-w2c138816\"  class=\"panel-layout\" ><div id=\"pg-w2c138816-0\"  class=\"panel-grid panel-has-style\" ><div class=\"middle_container default_order panel-row-style panel-row-style-for-w2c138816-0\" ><div id=\"pgc-w2c138816-0-0\"  class=\"panel-grid-cell\" ><div id=\"panel-w2c138816-0-0-0\" class=\"so-panel widget widget_sow-editor panel-first-child panel-last-child\" data-index=\"0\" ><div class=\"panel-widget-style panel-widget-style-for-w2c138816-0-0-0\" ><div\n\t\t\t\n\t\t\tclass=\"so-widget-sow-editor so-widget-sow-editor-base\"\n\t\t\t\n\t\t>\n<div class=\"siteorigin-widget-tinymce textwidget\">\n\t<p><strong><a href=\"https:\/\/workforcealliance.biz\/wp-content\/uploads\/2020\/10\/WA-board-meeting-Jan-23-2020.pdf\">Ene-23-2020 Reuni\u00f3n de la Junta Directiva<\/a><\/strong><br \/>\n<strong><a href=\"https:\/\/workforcealliance.biz\/wp-content\/uploads\/2020\/10\/WA-Board-meeting-4-30-20.pdf\">Abril-30-2020 Reuni\u00f3n de la Junta Directiva<\/a><\/strong><br \/>\n<strong><a href=\"https:\/\/workforcealliance.biz\/wp-content\/uploads\/2020\/10\/WA-Board-meeting-7-23-2020.pdf\">Julio-23-2020 Reuni\u00f3n de la Junta Directiva<\/a><\/strong><\/p>\n<\/div>\n<\/div><\/div><\/div><\/div><\/div><\/div><\/div><\/div><\/div><\/div><\/div>\n\n\n\n<\/div><\/div><\/div><div id=\"pgc-w65df2205df5dc-0-1\"  class=\"panel-grid-cell\" ><div id=\"panel-w65df2205df5dc-0-1-0\" class=\"so-panel widget widget_repeat-tabsst-faq panel-first-child panel-last-child\" data-index=\"1\" ><div\n\t\t\t\n\t\t\tclass=\"so-widget-repeat-tabsst-faq so-widget-repeat-tabsst-faq-default-d75171398898\"\n\t\t\t\n\t\t><div class=\"big_area_faq\"><div class=\"one_faq_tab\"><div class=\"tab_faq click_faq\" faq_click=\"id_click_1247281\">\n\t\t\t\t<div class=\"title_faq_itm_faq\">DESARROLLO Y NOMBRAMIENTO DE MIEMBROS DE LA JUNTA DIRECTIVA<\/div>\n\t\t\t<\/div><div class=\"content_tab_faq\" faq_open=\"cont_id_click_1247281\" ><div class=\"content_sub_div_faq\"><div id=\"pl-w972eae93\"  class=\"panel-layout\" ><div id=\"pg-w972eae93-0\"  class=\"panel-grid panel-has-style\" ><div class=\"middle_container default_order panel-row-style panel-row-style-for-w972eae93-0\" ><div id=\"pgc-w972eae93-0-0\"  class=\"panel-grid-cell\" ><div id=\"panel-w972eae93-0-0-0\" class=\"so-panel widget widget_sow-editor panel-first-child panel-last-child\" data-index=\"0\" ><div class=\"panel-widget-style panel-widget-style-for-w972eae93-0-0-0\" ><div\n\t\t\t\n\t\t\tclass=\"so-widget-sow-editor so-widget-sow-editor-base\"\n\t\t\t\n\t\t>\n<div class=\"siteorigin-widget-tinymce textwidget\">\n\t<p>Los detalles se dar\u00e1n a conocer pr\u00f3ximamente<\/p>\n<\/div>\n<\/div><\/div><\/div><\/div><\/div><\/div><\/div><\/div><\/div><\/div><div class=\"one_faq_tab\"><div class=\"tab_faq click_faq\" faq_click=\"id_click_2221925\">\n\t\t\t\t<div class=\"title_faq_itm_faq\">ASUNTOS ADICIONALES DE LA JUNTA\/COMISI\u00d3N<\/div>\n\t\t\t<\/div><div class=\"content_tab_faq\" faq_open=\"cont_id_click_2221925\" ><div class=\"content_sub_div_faq\"><div id=\"pl-w31fcca3f\"  class=\"panel-layout\" ><div id=\"pg-w31fcca3f-0\"  class=\"panel-grid panel-has-style\" ><div class=\"middle_container default_order panel-row-style panel-row-style-for-w31fcca3f-0\" ><div id=\"pgc-w31fcca3f-0-0\"  class=\"panel-grid-cell\" ><div id=\"panel-w31fcca3f-0-0-0\" class=\"so-panel widget widget_sow-editor panel-first-child panel-last-child\" data-index=\"0\" ><div class=\"panel-widget-style panel-widget-style-for-w31fcca3f-0-0-0\" ><div\n\t\t\t\n\t\t\tclass=\"so-widget-sow-editor so-widget-sow-editor-base\"\n\t\t\t\n\t\t>\n<div class=\"siteorigin-widget-tinymce textwidget\">\n\t<p>Los detalles se dar\u00e1n a conocer pr\u00f3ximamente<\/p>\n<\/div>\n<\/div><\/div><\/div><\/div><\/div><\/div><\/div><\/div><\/div><\/div><\/div>\n\n\n\n<\/div><\/div><\/div><\/div><\/div><\/div><\/div><div id=\"panel-1889-8-0-2\" class=\"so-panel widget widget_empty-space panel-last-child\" data-index=\"24\" ><div\n\t\t\t\n\t\t\tclass=\"so-widget-empty-space so-widget-empty-space-default-d75171398898-1889\"\n\t\t\t\n\t\t><div class=\"empty_space_custom medium_space\">\r\n<\/div><\/div><\/div><\/div><\/div><\/div><div id=\"pg-1889-9\"  class=\"panel-grid panel-has-style\" ><div class=\"middle_container default_order panel-row-style panel-row-style-for-1889-9\" ><div id=\"pgc-1889-9-0\"  class=\"panel-grid-cell\" ><div id=\"panel-1889-9-0-0\" class=\"so-panel widget widget_empty-space panel-first-child\" data-index=\"25\" ><div\n\t\t\t\n\t\t\tclass=\"so-widget-empty-space so-widget-empty-space-default-d75171398898-1889\"\n\t\t\t\n\t\t><div class=\"empty_space_custom medium_space\">\r\n<\/div><\/div><\/div><div id=\"panel-1889-9-0-1\" class=\"so-panel widget widget_title-r-b\" data-index=\"26\" ><div\n\t\t\t\n\t\t\tclass=\"so-widget-title-r-b so-widget-title-r-b-default-d75171398898-1889\"\n\t\t\t\n\t\t><div class=\"section_title_cust\"><h3 class=\"heading_widget center_title black_title   weight_600\">Calendario de reuniones de la Junta Directiva de Workforce Alliance<\/h3><\/div><\/div><\/div><div id=\"panel-1889-9-0-2\" class=\"so-panel widget widget_empty-space\" data-index=\"27\" ><div\n\t\t\t\n\t\t\tclass=\"so-widget-empty-space so-widget-empty-space-default-d75171398898-1889\"\n\t\t\t\n\t\t><div class=\"empty_space_custom small_space\">\r\n<\/div><\/div><\/div><div id=\"panel-1889-9-0-3\" class=\"so-panel widget widget_sow-editor panel-last-child\" data-index=\"28\" ><div\n\t\t\t\n\t\t\tclass=\"so-widget-sow-editor so-widget-sow-editor-base\"\n\t\t\t\n\t\t>\n<div class=\"siteorigin-widget-tinymce textwidget\">\n\t<p style=\"text-align: center;\">Las reuniones son en Zoom, a menos que se indique lo contrario. El horario est\u00e1 sujeto a cambios.<\/p>\n<p style=\"text-align: center;\">26 de enero de 2023<\/p>\n<p style=\"text-align: center;\">23 de marzo de 2023<\/p>\n<p style=\"text-align: center;\">25 de mayo de 2023<\/p>\n<p style=\"text-align: center;\">27 de julio de 2023<\/p>\n<p style=\"text-align: center;\">28 de septiembre de 2023<\/p>\n<p style=\"text-align: center;\">7 de diciembre de 2023<\/p>\n<p style=\"text-align: center;\">27 de enero de 2022<\/p>\n<p style=\"text-align: center;\">24 de marzo de 2022<\/p>\n<p style=\"text-align: center;\">26 de mayo de 2022<\/p>\n<p style=\"text-align: center;\">28 de julio de 2022<\/p>\n<p style=\"text-align: center;\">22 de septiembre de 2022<\/p>\n<p style=\"text-align: center;\">1 de diciembre de 2022<\/p>\n<\/div>\n<\/div><\/div><\/div><\/div><\/div><div id=\"pg-1889-10\"  class=\"panel-grid panel-has-style\" ><div class=\"middle_container default_order panel-row-style panel-row-style-for-1889-10\" ><div id=\"pgc-1889-10-0\"  class=\"panel-grid-cell\" ><div id=\"panel-1889-10-0-0\" class=\"so-panel widget widget_empty-space panel-first-child panel-last-child\" data-index=\"29\" ><div\n\t\t\t\n\t\t\tclass=\"so-widget-empty-space so-widget-empty-space-default-d75171398898-1889\"\n\t\t\t\n\t\t><div class=\"empty_space_custom large_space\">\r\n<\/div><\/div><\/div><\/div><\/div><\/div><\/div>","protected":false},"excerpt":{"rendered":"<p>Regional Plan &amp; Board of Directors Regional Plan Every 5 years, Workforce Alliance updates its plan which guides policy and services for employers and job seekers in South Central CT. Click to view the 2020-2025 Executive Summary, Full Plan and related attachments below. Executive Summary Local Plan (PDF) Full Local Plan (PDF) Related Local Plan [&hellip;]<\/p>\n","protected":false},"author":13,"featured_media":0,"parent":0,"menu_order":0,"comment_status":"closed","ping_status":"closed","template":"","meta":{"_acf_changed":false,"footnotes":""},"class_list":["post-1889","page","type-page","status-publish","hentry"],"acf":[],"yoast_head":"<!-- This site is optimized with the Yoast SEO plugin v27.2 - https:\/\/yoast.com\/product\/yoast-seo-wordpress\/ -->\n<title>Regional Plan - Workforce Alliance<\/title>\n<meta name=\"description\" content=\"Every 5 years, Workforce Alliance updates its plan which guides policy and services for employers and job seekers in South Central CT. Click to view the 2020-2025 Executive Summary, Full Plan and related attachments below.\" \/>\n<meta name=\"robots\" content=\"index, follow, max-snippet:-1, max-image-preview:large, max-video-preview:-1\" \/>\n<link rel=\"canonical\" href=\"https:\/\/workforcealliance.biz\/es\/our-region\/\" \/>\n<meta property=\"og:locale\" content=\"es_MX\" \/>\n<meta property=\"og:type\" content=\"article\" \/>\n<meta property=\"og:title\" content=\"Regional Plan - Workforce Alliance\" \/>\n<meta property=\"og:description\" content=\"Every 5 years, Workforce Alliance updates its plan which guides policy and services for employers and job seekers in South Central CT. Click to view the 2020-2025 Executive Summary, Full Plan and related attachments below.\" \/>\n<meta property=\"og:url\" content=\"https:\/\/workforcealliance.biz\/es\/our-region\/\" \/>\n<meta property=\"og:site_name\" content=\"Workforce Alliance\" \/>\n<meta property=\"article:modified_time\" content=\"2025-05-05T10:52:13+00:00\" \/>\n<meta name=\"twitter:card\" content=\"summary_large_image\" \/>\n<meta name=\"twitter:label1\" content=\"Tiempo de lectura\" \/>\n\t<meta name=\"twitter:data1\" content=\"3 minutos\" \/>\n<script type=\"application\/ld+json\" class=\"yoast-schema-graph\">{\"@context\":\"https:\/\/schema.org\",\"@graph\":[{\"@type\":\"WebPage\",\"@id\":\"https:\/\/workforcealliance.biz\/our-region\/\",\"url\":\"https:\/\/workforcealliance.biz\/our-region\/\",\"name\":\"Regional Plan - Workforce Alliance\",\"isPartOf\":{\"@id\":\"https:\/\/workforcealliance.biz\/#website\"},\"datePublished\":\"2019-01-18T14:20:55+00:00\",\"dateModified\":\"2025-05-05T10:52:13+00:00\",\"description\":\"Every 5 years, Workforce Alliance updates its plan which guides policy and services for employers and job seekers in South Central CT. Click to view the 2020-2025 Executive Summary, Full Plan and related attachments below.\",\"breadcrumb\":{\"@id\":\"https:\/\/workforcealliance.biz\/our-region\/#breadcrumb\"},\"inLanguage\":\"es\",\"potentialAction\":[{\"@type\":\"ReadAction\",\"target\":[\"https:\/\/workforcealliance.biz\/our-region\/\"]}]},{\"@type\":\"BreadcrumbList\",\"@id\":\"https:\/\/workforcealliance.biz\/our-region\/#breadcrumb\",\"itemListElement\":[{\"@type\":\"ListItem\",\"position\":1,\"name\":\"Home\",\"item\":\"https:\/\/workforcealliance.biz\/\"},{\"@type\":\"ListItem\",\"position\":2,\"name\":\"Regional Plan\"}]},{\"@type\":\"WebSite\",\"@id\":\"https:\/\/workforcealliance.biz\/#website\",\"url\":\"https:\/\/workforcealliance.biz\/\",\"name\":\"Workforce Alliance\",\"description\":\"\",\"potentialAction\":[{\"@type\":\"SearchAction\",\"target\":{\"@type\":\"EntryPoint\",\"urlTemplate\":\"https:\/\/workforcealliance.biz\/?s={search_term_string}\"},\"query-input\":{\"@type\":\"PropertyValueSpecification\",\"valueRequired\":true,\"valueName\":\"search_term_string\"}}],\"inLanguage\":\"es\"}]}<\/script>\n<!-- \/ Yoast SEO plugin. -->","yoast_head_json":{"title":"Regional Plan - Workforce Alliance","description":"Cada 5 a\u00f1os, Workforce Alliance actualiza su plan que gu\u00eda la pol\u00edtica y los servicios para los empleadores y los solicitantes de empleo en South Central CT. Haga clic para ver el resumen ejecutivo 2020-2025, el plan completo y los anexos relacionados a continuaci\u00f3n.","robots":{"index":"index","follow":"follow","max-snippet":"max-snippet:-1","max-image-preview":"max-image-preview:large","max-video-preview":"max-video-preview:-1"},"canonical":"https:\/\/workforcealliance.biz\/es\/our-region\/","og_locale":"es_MX","og_type":"article","og_title":"Regional Plan - Workforce Alliance","og_description":"Every 5 years, Workforce Alliance updates its plan which guides policy and services for employers and job seekers in South Central CT. Click to view the 2020-2025 Executive Summary, Full Plan and related attachments below.","og_url":"https:\/\/workforcealliance.biz\/es\/our-region\/","og_site_name":"Workforce Alliance","article_modified_time":"2025-05-05T10:52:13+00:00","twitter_card":"summary_large_image","twitter_misc":{"Tiempo de lectura":"3 minutos"},"schema":{"@context":"https:\/\/schema.org","@graph":[{"@type":"WebPage","@id":"https:\/\/workforcealliance.biz\/our-region\/","url":"https:\/\/workforcealliance.biz\/our-region\/","name":"Regional Plan - Workforce Alliance","isPartOf":{"@id":"https:\/\/workforcealliance.biz\/#website"},"datePublished":"2019-01-18T14:20:55+00:00","dateModified":"2025-05-05T10:52:13+00:00","description":"Cada 5 a\u00f1os, Workforce Alliance actualiza su plan que gu\u00eda la pol\u00edtica y los servicios para los empleadores y los solicitantes de empleo en South Central CT. Haga clic para ver el resumen ejecutivo 2020-2025, el plan completo y los anexos relacionados a continuaci\u00f3n.","breadcrumb":{"@id":"https:\/\/workforcealliance.biz\/our-region\/#breadcrumb"},"inLanguage":"es","potentialAction":[{"@type":"ReadAction","target":["https:\/\/workforcealliance.biz\/our-region\/"]}]},{"@type":"BreadcrumbList","@id":"https:\/\/workforcealliance.biz\/our-region\/#breadcrumb","itemListElement":[{"@type":"ListItem","position":1,"name":"Home","item":"https:\/\/workforcealliance.biz\/"},{"@type":"ListItem","position":2,"name":"Regional Plan"}]},{"@type":"WebSite","@id":"https:\/\/workforcealliance.biz\/#website","url":"https:\/\/workforcealliance.biz\/","name":"Alianza de la Fuerza de Trabajo","description":"","potentialAction":[{"@type":"SearchAction","target":{"@type":"EntryPoint","urlTemplate":"https:\/\/workforcealliance.biz\/?s={search_term_string}"},"query-input":{"@type":"PropertyValueSpecification","valueRequired":true,"valueName":"search_term_string"}}],"inLanguage":"es"}]}},"_links":{"self":[{"href":"https:\/\/workforcealliance.biz\/es\/wp-json\/wp\/v2\/pages\/1889","targetHints":{"allow":["GET"]}}],"collection":[{"href":"https:\/\/workforcealliance.biz\/es\/wp-json\/wp\/v2\/pages"}],"about":[{"href":"https:\/\/workforcealliance.biz\/es\/wp-json\/wp\/v2\/types\/page"}],"author":[{"embeddable":true,"href":"https:\/\/workforcealliance.biz\/es\/wp-json\/wp\/v2\/users\/13"}],"replies":[{"embeddable":true,"href":"https:\/\/workforcealliance.biz\/es\/wp-json\/wp\/v2\/comments?post=1889"}],"version-history":[{"count":33,"href":"https:\/\/workforcealliance.biz\/es\/wp-json\/wp\/v2\/pages\/1889\/revisions"}],"predecessor-version":[{"id":8551,"href":"https:\/\/workforcealliance.biz\/es\/wp-json\/wp\/v2\/pages\/1889\/revisions\/8551"}],"wp:attachment":[{"href":"https:\/\/workforcealliance.biz\/es\/wp-json\/wp\/v2\/media?parent=1889"}],"curies":[{"name":"wp","href":"https:\/\/api.w.org\/{rel}","templated":true}]}}